{"version":"1.0","provider_name":"Kre.Art. ","provider_url":"https:\/\/kreart.cafeblog.hu","author_name":"Juulia","author_url":"https:\/\/kreart.cafeblog.hu\/author\/juulia\/","title":"B\u00f6grem\u00e1nia","html":"<p>B\u00f6gr\u00e9k? Igen, tudom hatalmas klis\u00e9 (b\u00e1r szerintem csak volt egykor), de im\u00e1dnival\u00f3 kis \"f\u00fclesek\" tudnak lenni az\u00a0\u00fczletek polcain. Im\u00e1dok k\u00e1v\u00e9zni, \u00e9s mindig megv\u00e1lasztom mib\u0151l iszom a kedvenc ned\u0171m. N\u00e1lam ez egy szent alkalom \u00e9s m\u00e1s st\u00edlust ker\u00edtek neki h\u00e9tk\u00f6znap reggel a munkahelyen, m\u00e1st d\u00e9lut\u00e1nonk\u00e9nt, \u00e9s m\u00e1s r\u00edtusa van egy szombat reggelen.\u00a0Megvannak a k\u00fcl\u00f6nb\u00f6z\u0151 alkalmak b\u00f6gr\u00e9i, \u00e9s ha j\u00f3l belegondolok, k\u00e1v\u00e9i is. Egy gyors k\u00e1v\u00e9nak egy egyszer\u0171bb b\u00f6gr\u00e9t v\u00e1lasztok, de a h\u00e9tv\u00e9gi kuck\u00f3z\u00f3s habosnak egy igazi vastag fal\u00fa b\u00f6gr\u00e9s b\u00f6gr\u00e9t:)<\/p>\r\n<p>Ugyan\u00edgy a te\u00e1z\u00e1ssal.. A t\u00e9li id\u0151szakban minden este megy a teaf\u0151z\u00e9s, szuper illatot \u00e9s hangulatot teremt a lak\u00e1sban, felmeleg\u00edt \u00e9s felt\u00f6lt energi\u00e1val. \u00c9s az is amibe a te\u00e1t \u00f6nt\u00f6m! Lehet egysz\u00edn\u0171, vagy mesemint\u00e1s, cs\u00edkos vagy p\u00f6tty\u00f6s, feliratos \u00e9s saj\u00e1t kez\u0171leg festett is. A form\u00e1kr\u00f3l meg ne is besz\u00e9lj\u00fcnk, nagyon sokf\u00e9le formabont\u00f3 k\u00fcl\u00f6nlegess\u00e9get tal\u00e1lhatunk.<\/p>\r\n<p><a href=\"https:\/\/kreart.cafeblog.hu\/files\/2016\/02\/201676889532662335RQtprgRrc.jpg\"><img class=\"wp-image-61 size-medium alignleft\" src=\"https:\/\/kreart.cafeblog.hu\/files\/2016\/02\/201676889532662335RQtprgRrc-300x191.jpg\" alt=\"201676889532662335RQtprgRrc\" width=\"300\" height=\"191\" \/><\/a> <a href=\"https:\/\/kreart.cafeblog.hu\/files\/2016\/02\/rose.jpg\"><img class=\"wp-image-64 size-medium alignleft\" src=\"https:\/\/kreart.cafeblog.hu\/files\/2016\/02\/rose-300x187.jpg\" alt=\"rose\" width=\"300\" height=\"187\" \/><\/a><!--more--><\/p>\r\n<p><a href=\"https:\/\/kreart.cafeblog.hu\/files\/2016\/02\/cups.jpg\"><img class=\"alignnone wp-image-72 size-full\" src=\"https:\/\/kreart.cafeblog.hu\/files\/2016\/02\/cups.jpg\" alt=\"cups\" width=\"500\" height=\"345\" \/><\/a><\/p>\r\n<p><a href=\"https:\/\/kreart.cafeblog.hu\/files\/2016\/02\/untitled.png\"><img class=\"alignnone wp-image-66 size-full\" src=\"https:\/\/kreart.cafeblog.hu\/files\/2016\/02\/untitled.png\" alt=\"untitled\" width=\"400\" height=\"341\" \/><\/a><\/p>\r\n<p>&nbsp;<\/p>\r\n<p>Az \u00faj kedvenceimet az Ikea oldal\u00e1n tal\u00e1ltam meg:<\/p>\r\n<p><a href=\"https:\/\/kreart.cafeblog.hu\/files\/2016\/02\/858f7-mugs.jpg\"><img class=\"alignnone wp-image-60 size-thumbnail\" src=\"https:\/\/kreart.cafeblog.hu\/files\/2016\/02\/858f7-mugs-150x150.jpg\" alt=\"858f7-mugs\" width=\"150\" height=\"150\" \/><\/a> <a href=\"https:\/\/kreart.cafeblog.hu\/files\/2016\/02\/enigt-bogre-feher__0276963_PE415684_S4.jpg\"><img class=\"alignnone wp-image-62 size-thumbnail\" src=\"https:\/\/kreart.cafeblog.hu\/files\/2016\/02\/enigt-bogre-feher__0276963_PE415684_S4-150x150.jpg\" alt=\"enigt-bogre-feher__0276963_PE415684_S4\" width=\"150\" height=\"150\" \/><\/a> <a href=\"https:\/\/kreart.cafeblog.hu\/files\/2016\/02\/jamnt-bogre-feher__0237225_PE376618_S4.jpg\"><img class=\"alignnone wp-image-63 size-thumbnail\" src=\"https:\/\/kreart.cafeblog.hu\/files\/2016\/02\/jamnt-bogre-feher__0237225_PE376618_S4-150x150.jpg\" alt=\"jamnt-bogre-feher__0237225_PE376618_S4\" width=\"150\" height=\"150\" \/><\/a><\/p>\r\n<p>De szuper darabokat tal\u00e1ltam a Butlers-n\u00e9l is:<\/p>\r\n<p><a href=\"https:\/\/kreart.cafeblog.hu\/files\/2016\/02\/10452.jpg\"><img class=\"alignnone wp-image-68 size-thumbnail\" src=\"https:\/\/kreart.cafeblog.hu\/files\/2016\/02\/10452-150x150.jpg\" alt=\"10452\" width=\"150\" height=\"150\" \/><\/a> <a href=\"https:\/\/kreart.cafeblog.hu\/files\/2016\/02\/27898.jpg\"><img class=\"alignnone wp-image-69 size-thumbnail\" src=\"https:\/\/kreart.cafeblog.hu\/files\/2016\/02\/27898-150x150.jpg\" alt=\"27898\" width=\"150\" height=\"150\" \/><\/a> <a href=\"https:\/\/kreart.cafeblog.hu\/files\/2016\/02\/30374.jpg\"><img class=\"alignnone wp-image-70 size-thumbnail\" src=\"https:\/\/kreart.cafeblog.hu\/files\/2016\/02\/30374-150x150.jpg\" alt=\"30374\" width=\"150\" height=\"150\" \/><\/a><\/p>\r\n<p>&nbsp;<\/p>\r\n<p>A r\u00e9gi feliratos b\u00f6gr\u00e9k ideje elm\u00falt, szerintem ma m\u00e1r b\u00e1tran aj\u00e1nd\u00e9kozhatunk valami\u00a0kedves sz\u00edn\u0171 \u00e9s mint\u00e1j\u00fa b\u00f6gr\u00e9t. Meg is k\u00edv\u00e1ntam egy j\u00f3 k\u00e1v\u00e9t a kedvenc Klimt festm\u00e9nyemet \u00e1br\u00e1zol\u00f3 kis cs\u00e9sz\u00e9mb\u0151l!<\/p>\r\n<p>Ha szeretitek a cuki mes\u00e9ket, aj\u00e1nlom ezt a r\u00e9gebbi bejegyz\u00e9st a N\u0151k Lapja Caf\u00e9r\u00f3l:<\/p>\r\n<p><a href=\"http:\/\/www.nlcafe.hu\/baba\/20140814\/napi-mese-bogremese\/\">http:\/\/www.nlcafe.hu\/baba\/20140814\/napi-mese-bogremese\/<\/a><\/p>\r\n<p>J\u00f3 b\u00f6gr\u00e9z\u00e9st! :)<\/p>\r\n<p><a href=\"https:\/\/kreart.cafeblog.hu\/files\/2016\/02\/scale.jpg\"><img class=\"alignnone wp-image-65 size-medium\" src=\"https:\/\/kreart.cafeblog.hu\/files\/2016\/02\/scale-300x225.jpg\" alt=\"scale\" width=\"300\" height=\"225\" \/><\/a><\/p>\r\n<p>\/k\u00e9pek inn\u00e9t: Google, Butlers, Ikea\/<\/p>\r\n<p>Ha tetszett a bejegyz\u00e9sem, l\u00e1togass el <a href=\"https:\/\/www.facebook.com\/KreArt-608702415951246\/?fref=ts\">facebook oldalam<\/a>ra is!\u00a0<\/p>","type":"rich"}